{"id":14592,"date":"2024-11-19T11:12:37","date_gmt":"2024-11-19T10:12:37","guid":{"rendered":"https:\/\/grand-raid-bcvs.ch\/frequently-asked-questions\/"},"modified":"2026-04-28T10:50:44","modified_gmt":"2026-04-28T08:50:44","slug":"frequently-asked-questions","status":"publish","type":"page","link":"https:\/\/grand-raid-bcvs.ch\/en\/frequently-asked-questions\/","title":{"rendered":"Frequently asked questions"},"content":{"rendered":"<p>[et_pb_section fb_built=&#8221;1&#8243; fullwidth=&#8221;on&#8221; _builder_version=&#8221;4.27.2&#8243; _module_preset=&#8221;default&#8221; background_enable_image=&#8221;off&#8221; global_colors_info=&#8221;{}&#8221;][et_pb_fullwidth_header title=&#8221;Frequently asked questions&#8221; _builder_version=&#8221;4.27.2&#8243; _module_preset=&#8221;default&#8221; title_font=&#8221;|800|||||||&#8221; title_text_align=&#8221;center&#8221; title_line_height=&#8221;1.3em&#8221; background_image=&#8221;https:\/\/grand-raid-bcvs.ch\/wp-content\/uploads\/2024\/08\/GrandRaidBCVS2024-DescenteBarrageGrimentz-27-scaled.jpg&#8221; transform_translate=&#8221;4px|-128px&#8221; custom_padding=&#8221;15vw||15vw||true|false&#8221; custom_padding_tablet=&#8221;28vw||||false|false&#8221; custom_padding_phone=&#8221;35vw||12vw||false|false&#8221; custom_padding_last_edited=&#8221;on|phone&#8221; title_text_shadow_style=&#8221;preset3&#8243; title_text_shadow_color=&#8221;#000000&#8243; global_colors_info=&#8221;{}&#8221;][\/et_pb_fullwidth_header][\/et_pb_section][et_pb_section fb_built=&#8221;1&#8243; _builder_version=&#8221;4.16&#8243; global_colors_info=&#8221;{}&#8221;][et_pb_row _builder_version=&#8221;4.27.4&#8243; global_colors_info=&#8221;{}&#8221;][et_pb_column type=&#8221;4_4&#8243; _builder_version=&#8221;4.27.4&#8243; custom_padding=&#8221;|||&#8221; global_colors_info=&#8221;{}&#8221; custom_padding__hover=&#8221;|||&#8221;][et_pb_text _builder_version=&#8221;4.27.2&#8243; _module_preset=&#8221;default&#8221; global_colors_info=&#8221;{}&#8221;]<\/p>\n<h2>Registrations<\/h2>\n<p>[\/et_pb_text][et_pb_accordion disabled_on=&#8221;off|off|off&#8221; _builder_version=&#8221;4.27.6&#8243; global_colors_info=&#8221;{}&#8221;][et_pb_accordion_item title=&#8221;How do I register?&#8221; open=&#8221;on&#8221; _builder_version=&#8221;4.27.6&#8243; global_colors_info=&#8221;{}&#8221;]<\/p>\n<p>All registrations are made online directly on the Datasport website.<\/p>\n<p>Registration deadline:<\/p>\n<ul>\n<li>Online until <strong>Thursday, August 20, 2026<\/strong><\/li>\n<li>On site on <strong>Friday, August 21, 2026<\/strong>, at the race number ceremony in Sion and Verbier.<\/li>\n<\/ul>\n<p><a href=\"http:\/\/www.grand-raid-bcvs.ch\/inscription\">I would like to register.<\/a><\/p>\n<p>[\/et_pb_accordion_item][et_pb_accordion_item title=&#8221;How old do you have to be to take part in the BCVS Grand Raid?&#8221; _builder_version=&#8221;4.27.4&#8243; global_colors_info=&#8221;{}&#8221; open=&#8221;off&#8221;]<\/p>\n<p>From age 15 for all courses. But 18 for the Verbier-Grimentz route. <\/p>\n<p>If you are a minor, you will be asked to provide a parental certificate (available under the registration tab).<\/p>\n<p>And if you&#8217;re under 15, you can take part in the <a href=\"https:\/\/grand-raid-bcvs.ch\/raidy-coop-sion\/\">Raidy<\/a>.<\/p>\n<p>[\/et_pb_accordion_item][\/et_pb_accordion][et_pb_text _builder_version=&#8221;4.27.2&#8243; _module_preset=&#8221;default&#8221; global_colors_info=&#8221;{}&#8221;]<\/p>\n<h2>Race bibs distribution<\/h2>\n<p>[\/et_pb_text][et_pb_accordion disabled_on=&#8221;off|off|off&#8221; _builder_version=&#8221;4.27.6&#8243; global_colors_info=&#8221;{}&#8221;][et_pb_accordion_item title=&#8221;How do I get my race number by post?&#8221; _builder_version=&#8221;4.27.6&#8243; global_colors_info=&#8221;{}&#8221; open=&#8221;on&#8221;]<\/p>\n<div class=\"et_pb_module et_pb_text et_pb_text_0 et_pb_text_align_left et_pb_bg_layout_light\">\n<div class=\"et_pb_text_inner\">\n<p>Simply check the &#8220;Mailing&#8221; option on Datasport when you register.  <strong><em>New for 2026<\/em><\/strong><\/p>\n<p>All those who register for the Grand Raid BCVS before May 31, 2026 will receive their race number by post (free of charge).<\/p>\n<\/div>\n<\/div>\n<div class=\"et_pb_module et_pb_text et_pb_text_1 et_pb_text_align_justified et_pb_bg_layout_light\">\n<div class=\"et_pb_text_inner\">\n<p>For further information on bib numbers, <a href=\"https:\/\/grand-raid-bcvs.ch\/en\/friday\/\">click here<\/a>.<\/p>\n<\/div>\n<\/div>\n<p>[\/et_pb_accordion_item][et_pb_accordion_item title=&#8221;How do I pick up my number on site?&#8221; _builder_version=&#8221;4.27.6&#8243; global_colors_info=&#8221;{}&#8221; open=&#8221;off&#8221;]<\/p>\n<div class=\"et_pb_module et_pb_text et_pb_text_0 et_pb_text_align_left et_pb_bg_layout_light\">\n<div class=\"et_pb_text_inner\">\n<p>Numbers will only be issued in person to those who have not chosen the postal option or who have registered after 10.08.2026.<\/p>\n<\/div>\n<\/div>\n<div class=\"et_pb_module et_pb_text et_pb_text_1 et_pb_text_align_justified et_pb_bg_layout_light\">\n<div class=\"et_pb_text_inner\">\n<p>Numbers will be collected in <strong>Sion<\/strong> (location to be determined) for departures from Nendaz, H\u00e9r\u00e9mence, Evol\u00e8ne, Nax and Le Raidy. In <strong>Verbier<\/strong> (place still to be defined) for registrations departing from Verbier only.<\/p>\n<p>Further information <a href=\"https:\/\/grand-raid-bcvs.ch\/en\/friday\/\">here<\/a>.<\/p>\n<\/div>\n<\/div>\n<p>[\/et_pb_accordion_item][et_pb_accordion_item title=&#8221;Can a friend pick up my race number for me?&#8221; open=&#8221;off&#8221; _builder_version=&#8221;4.27.6&#8243; global_colors_info=&#8221;{}&#8221;]<\/p>\n<p>Yes, a family member or friend can pick up your race number, if you haven&#8217;t chosen the postal delivery option. Pick-up only in Sion (Nendaz, H\u00e9r\u00e9mence, Evol\u00e8ne and Nax departures) or Verbier (Verbier departure only).<\/p>\n<p>[\/et_pb_accordion_item][\/et_pb_accordion][et_pb_text _builder_version=&#8221;4.27.6&#8243; _module_preset=&#8221;default&#8221; custom_padding=&#8221;0px|||||&#8221; global_colors_info=&#8221;{}&#8221;]<\/p>\n<h2>Raidy &#8211; Kids Race<\/h2>\n<p>[\/et_pb_text][et_pb_accordion disabled_on=&#8221;off|off|off&#8221; _builder_version=&#8221;4.27.6&#8243; hover_enabled=&#8221;0&#8243; global_colors_info=&#8221;{}&#8221; sticky_enabled=&#8221;0&#8243;][et_pb_accordion_item title=&#8221;Where will the Raidy take place in 2026?&#8221; open=&#8221;on&#8221; _builder_version=&#8221;4.27.6&#8243; hover_enabled=&#8221;0&#8243; global_colors_info=&#8221;{}&#8221; sticky_enabled=&#8221;0&#8243;]<\/p>\n<div class=\"et_pb_module et_pb_text et_pb_text_0 et_pb_text_align_left et_pb_bg_layout_light\">\n<div class=\"et_pb_text_inner\">\n<p>As the day in Sion no longer takes place, the Raidy for categories U5 to U11 will take place in Grimentz on Saturday August 22, 2026.<\/p>\n<p>Numbers can be handed in by post or on site before the start of the race.<\/p>\n<\/div>\n<\/div>\n<div class=\"et_pb_module et_pb_text et_pb_text_1 et_pb_text_align_justified et_pb_bg_layout_light\">\n<div class=\"et_pb_text_inner\">\n<p>Further information <a href=\"https:\/\/grand-raid-bcvs.ch\/en\/raidy-coop-2\/\">here<\/a>.<\/p>\n<\/div>\n<\/div>\n<p>[\/et_pb_accordion_item][\/et_pb_accordion][et_pb_text _builder_version=&#8221;4.27.2&#8243; _module_preset=&#8221;default&#8221; global_colors_info=&#8221;{}&#8221;]<\/p>\n<h2>Riders<\/h2>\n<p>[\/et_pb_text][et_pb_accordion disabled_on=&#8221;off|off|off&#8221; _builder_version=&#8221;4.27.6&#8243; global_colors_info=&#8221;{}&#8221;][et_pb_accordion_item title=&#8221;How do I get to the start of my race?&#8221; open=&#8221;on&#8221; _builder_version=&#8221;4.27.2&#8243; _module_preset=&#8221;default&#8221; global_colors_info=&#8221;{}&#8221;]<\/p>\n<ol>\n<li>By your own means.<\/li>\n<li>With organized buses from Sion to Verbier, Nendaz, H\u00e9r\u00e9mence, Evol\u00e8ne and Nax. You can book your transport directly when you register. All transport information <a href=\"https:\/\/grand-raid-bcvs.ch\/en\/transports\/\">here<\/a>.  <\/li>\n<\/ol>\n<p>[\/et_pb_accordion_item][et_pb_accordion_item title=&#8221;What will I find at the various refreshment points?&#8221; _builder_version=&#8221;4.27.4&#8243; _module_preset=&#8221;default&#8221; global_colors_info=&#8221;{}&#8221; open=&#8221;off&#8221;]<\/p>\n<p>The following items are available at each feed station:<\/p>\n<ul>\n<li>Water<\/li>\n<li>Isotonic (Powerbar)<\/li>\n<li>Coca-Cola<\/li>\n<li>Cereal branch (Powerbar and Coop)<\/li>\n<li>Fruit (apples, bananas, oranges)<\/li>\n<li>Cheese<\/li>\n<\/ul>\n<p>Bottles of water and Isotonic will already be filled and at your disposal.<\/p>\n<p>[\/et_pb_accordion_item][et_pb_accordion_item title=&#8221;Are personal belongings repatriated after each departure?&#8221; _builder_version=&#8221;4.27.6&#8243; _module_preset=&#8221;default&#8221; global_colors_info=&#8221;{}&#8221; open=&#8221;off&#8221;]<\/p>\n<p>Yes, we organize the repatriation of private belongings to Grimentz in the arrival area, for each departure.<\/p>\n<p>[\/et_pb_accordion_item][et_pb_accordion_item title=&#8221;Is the technical inspection of my bike compulsory?&#8221; _builder_version=&#8221;4.27.6&#8243; _module_preset=&#8221;default&#8221; global_colors_info=&#8221;{}&#8221; open=&#8221;off&#8221;]<\/p>\n<p>Technical inspection of bicycles is no longer compulsory for participants. However, it is still highly <strong>recommended and advisable<\/strong>.<\/p>\n<ul>\n<li>If you would like to have your bike checked, please contact our Check-Point partner stores before the race.<\/li>\n<li>Technical assistance is available on the course during the race at our technical posts.<\/li>\n<\/ul>\n<p>Discover our <a href=\"https:\/\/grand-raid-bcvs.ch\/en\/technical-control\/\">checklist<\/a> for preparing your bike at home.<\/p>\n<p>[\/et_pb_accordion_item][\/et_pb_accordion][et_pb_text _builder_version=&#8221;4.27.4&#8243; _module_preset=&#8221;default&#8221; global_colors_info=&#8221;{}&#8221;]<\/p>\n<h2>Results and podiums<\/h2>\n<p>[\/et_pb_text][et_pb_accordion disabled_on=&#8221;off|off|off&#8221; _builder_version=&#8221;4.27.4&#8243; global_colors_info=&#8221;{}&#8221;][et_pb_accordion_item title=&#8221;Is there a podium for every category?&#8221; open=&#8221;on&#8221; _builder_version=&#8221;4.27.2&#8243; _module_preset=&#8221;default&#8221; global_colors_info=&#8221;{}&#8221;]<\/p>\n<p>No, a minimum of 10 participants per category is required for a podium to be declared.<\/p>\n<p>[\/et_pb_accordion_item][\/et_pb_accordion][et_pb_text _builder_version=&#8221;4.27.2&#8243; _module_preset=&#8221;default&#8221; global_colors_info=&#8221;{}&#8221;]<\/p>\n<h2>Volunteers<\/h2>\n<p>[\/et_pb_text][et_pb_accordion disabled_on=&#8221;off|off|off&#8221; _builder_version=&#8221;4.27.4&#8243; global_colors_info=&#8221;{}&#8221;][et_pb_accordion_item title=&#8221;How can I become a volunteer for the BCVS Grand Raid?&#8221; open=&#8221;on&#8221; _builder_version=&#8221;4.27.4&#8243; _module_preset=&#8221;default&#8221; global_colors_info=&#8221;{}&#8221;]<\/p>\n<p>It couldn&#8217;t be easier! We look forward to welcoming you to our family of volunteers. <\/p>\n<p>Contact us by e-mail at <a href=\"mailto:info@grand-raid-bcvs.ch\">info@grand-raid-bcvs.ch<\/a><\/p>\n<p>For further information, <a href=\"https:\/\/grand-raid-bcvs.ch\/en\/volunteers\/\">click here<\/a>.<\/p>\n<p>[\/et_pb_accordion_item][\/et_pb_accordion][et_pb_text _builder_version=&#8221;4.27.2&#8243; _module_preset=&#8221;default&#8221; global_colors_info=&#8221;{}&#8221;]<\/p>\n<h2>Spectators<\/h2>\n<p>[\/et_pb_text][et_pb_accordion disabled_on=&#8221;off|off|off&#8221; _builder_version=&#8221;4.27.4&#8243; global_colors_info=&#8221;{}&#8221;][et_pb_accordion_item title=&#8221;I&apos;m a spectator, how can I find the best place to watch?&#8221; open=&#8221;on&#8221; _builder_version=&#8221;4.27.4&#8243; _module_preset=&#8221;default&#8221; global_colors_info=&#8221;{}&#8221;]<\/p>\n<p>If you&#8217;re a spectator, you&#8217;ll find all the information you need <a href=\"https:\/\/grand-raid-bcvs.ch\/en\/spectators\/\">here<\/a>.<\/p>\n<p>[\/et_pb_accordion_item][et_pb_accordion_item title=&#8221;What to do in the Grimentz arrival area&#8221; _builder_version=&#8221;4.27.2&#8243; _module_preset=&#8221;default&#8221; global_colors_info=&#8221;{}&#8221; open=&#8221;off&#8221;]<\/p>\n<p>The finish area in Grimentz offers a range of activities for participants and their families, friends and supporters.<\/p>\n<p>Here you&#8217;ll find<\/p>\n<ul>\n<li>Hot and cold catering<\/li>\n<li>Partner stands<\/li>\n<li>Children&#8217;s playground<\/li>\n<li>Race finish<\/li>\n<\/ul>\n<p>We invite you to join us for our <strong>big raclette evening<\/strong> starting at 7:00 pm.<br \/>\nAn event within an event.<br \/>\nInformation and reservations <a href=\"https:\/\/grand-raid-bcvs.ch\/en\/raclette-party\/\">here<\/a>.  <\/p>\n<p>[\/et_pb_accordion_item][\/et_pb_accordion][\/et_pb_column][\/et_pb_row][\/et_pb_section][et_pb_section fb_built=&#8221;1&#8243; disabled_on=&#8221;off|off|off&#8221; admin_label=&#8221;sponsor global&#8221; _builder_version=&#8221;4.25.1&#8243; custom_padding=&#8221;||29px||false|false&#8221; global_module=&#8221;12478&#8243; saved_tabs=&#8221;all&#8221; global_colors_info=&#8221;{}&#8221;][et_pb_row column_structure=&#8221;1_2,1_2&#8243; use_custom_gutter=&#8221;on&#8221; gutter_width=&#8221;2&#8243; custom_padding_last_edited=&#8221;on|phone&#8221; _builder_version=&#8221;4.25.1&#8243; _module_preset=&#8221;default&#8221; max_width=&#8221;1500px&#8221; custom_padding_tablet=&#8221;0px||||false|false&#8221; custom_padding_phone=&#8221;&#8221; global_colors_info=&#8221;{}&#8221;][et_pb_column type=&#8221;1_2&#8243; _builder_version=&#8221;4.16&#8243; _module_preset=&#8221;default&#8221; global_colors_info=&#8221;{}&#8221;][et_pb_image src=&#8221;https:\/\/grand-raid-bcvs.ch\/wp-content\/uploads\/2024\/08\/BCVs_Logo_Short_CMYK_2022.png&#8221; url=&#8221;https:\/\/www.bcvs.ch\/&#8221; _builder_version=&#8221;4.27.4&#8243; _module_preset=&#8221;default&#8221; width=&#8221;50%&#8221; max_width=&#8221;50%&#8221; module_alignment=&#8221;center&#8221; global_colors_info=&#8221;{}&#8221;][\/et_pb_image][\/et_pb_column][et_pb_column type=&#8221;1_2&#8243; _builder_version=&#8221;4.16&#8243; _module_preset=&#8221;default&#8221; global_colors_info=&#8221;{}&#8221;][et_pb_image src=&#8221;https:\/\/grand-raid-bcvs.ch\/wp-content\/uploads\/2020\/12\/OIKEN_NB_CMJN.png&#8221; alt=&#8221;Logo Oiken&#8221; url=&#8221;https:\/\/oiken.ch\/&#8221; url_new_window=&#8221;on&#8221; align=&#8221;center&#8221; _builder_version=&#8221;4.27.4&#8243; _module_preset=&#8221;default&#8221; width=&#8221;50%&#8221; width_tablet=&#8221;53%&#8221; width_phone=&#8221;76%&#8221; width_last_edited=&#8221;on|tablet&#8221; max_width=&#8221;50%&#8221; module_alignment=&#8221;center&#8221; custom_margin=&#8221;22px||||false|false&#8221; custom_margin_tablet=&#8221;50px||||false|false&#8221; custom_margin_phone=&#8221;&#8221; custom_margin_last_edited=&#8221;on|phone&#8221; global_colors_info=&#8221;{}&#8221;][\/et_pb_image][\/et_pb_column][\/et_pb_row][et_pb_row column_structure=&#8221;1_3,1_3,1_3&#8243; _builder_version=&#8221;4.25.1&#8243; _module_preset=&#8221;default&#8221; max_width=&#8221;1500px&#8221; global_colors_info=&#8221;{}&#8221;][et_pb_column type=&#8221;1_3&#8243; _builder_version=&#8221;4.25.1&#8243; _module_preset=&#8221;default&#8221; global_colors_info=&#8221;{}&#8221;][et_pb_image src=&#8221;https:\/\/grand-raid-bcvs.ch\/wp-content\/uploads\/2019\/04\/Valais.jpg&#8221; alt=&#8221;Logo Valais Grav\u00e9 dans mon Coeur&#8221; url=&#8221;https:\/\/www.valais.ch\/en&#8221; url_new_window=&#8221;on&#8221; align=&#8221;center&#8221; _builder_version=&#8221;4.27.4&#8243; _module_preset=&#8221;default&#8221; width=&#8221;24%&#8221; width_tablet=&#8221;58%&#8221; width_phone=&#8221;64%&#8221; width_last_edited=&#8221;on|phone&#8221; custom_margin=&#8221;||||false|false&#8221; global_colors_info=&#8221;{}&#8221;][\/et_pb_image][\/et_pb_column][et_pb_column type=&#8221;1_3&#8243; _builder_version=&#8221;4.16&#8243; _module_preset=&#8221;default&#8221; global_colors_info=&#8221;{}&#8221;][et_pb_image src=&#8221;https:\/\/grand-raid-bcvs.ch\/wp-content\/uploads\/2019\/04\/Loro.jpg&#8221; alt=&#8221;Logo Loterie Romande&#8221; url=&#8221;https:\/\/www.loro.ch\/&#8221; url_new_window=&#8221;on&#8221; align=&#8221;center&#8221; _builder_version=&#8221;4.27.4&#8243; _module_preset=&#8221;default&#8221; width=&#8221;52%&#8221; width_tablet=&#8221;84%&#8221; width_phone=&#8221;93%&#8221; width_last_edited=&#8221;on|phone&#8221; custom_margin=&#8221;||||false|false&#8221; global_colors_info=&#8221;{}&#8221;][\/et_pb_image][\/et_pb_column][et_pb_column type=&#8221;1_3&#8243; _builder_version=&#8221;4.16&#8243; _module_preset=&#8221;default&#8221; global_colors_info=&#8221;{}&#8221;][et_pb_image src=&#8221;https:\/\/grand-raid-bcvs.ch\/wp-content\/uploads\/2019\/04\/Fonds-du-Sport.png&#8221; alt=&#8221;Logo Fonds du sport &#8211; Loterie Romande&#8221; url=&#8221;https:\/\/fondsdusport.ch\/accueil\/&#8221; url_new_window=&#8221;on&#8221; align=&#8221;center&#8221; _builder_version=&#8221;4.27.4&#8243; _module_preset=&#8221;default&#8221; width=&#8221;65%&#8221; width_tablet=&#8221;94%&#8221; width_phone=&#8221;96%&#8221; width_last_edited=&#8221;on|phone&#8221; custom_margin=&#8221;||||false|false&#8221; global_colors_info=&#8221;{}&#8221;][\/et_pb_image][\/et_pb_column][\/et_pb_row][\/et_pb_section]<\/p>\n","protected":false},"excerpt":{"rendered":"<p>RegistrationsAll registrations are made online directly on the Datasport website. Registration deadline: Online until Thursday, August 20, 2026 On site on Friday, August 21, 2026, at the race number ceremony in Sion and Verbier. I would like to register.From age 15 for all courses. But 18 for the Verbier-Grimentz route. If you are a minor, [&hellip;]<\/p>\n","protected":false},"author":3,"featured_media":0,"parent":0,"menu_order":0,"comment_status":"closed","ping_status":"closed","template":"","meta":{"_et_pb_use_builder":"on","_et_pb_old_content":"","_et_gb_content_width":"","_monsterinsights_skip_tracking":false,"_monsterinsights_sitenote_active":false,"_monsterinsights_sitenote_note":"","_monsterinsights_sitenote_category":0,"footnotes":""},"class_list":["post-14592","page","type-page","status-publish","hentry"],"yoast_head":"<!-- This site is optimized with the Yoast SEO plugin v27.3 - https:\/\/yoast.com\/product\/yoast-seo-wordpress\/ -->\n<title>Frequently asked questions - Grand Raid BCVS<\/title>\n<meta name=\"robots\" content=\"index, follow, max-snippet:-1, max-image-preview:large, max-video-preview:-1\" \/>\n<link rel=\"canonical\" href=\"https:\/\/grand-raid-bcvs.ch\/en\/frequently-asked-questions\/\" \/>\n<meta property=\"og:locale\" content=\"en_US\" \/>\n<meta property=\"og:type\" content=\"article\" \/>\n<meta property=\"og:title\" content=\"Frequently asked questions - Grand Raid BCVS\" \/>\n<meta property=\"og:description\" content=\"RegistrationsAll registrations are made online directly on the Datasport website. Registration deadline: Online until Thursday, August 20, 2026 On site on Friday, August 21, 2026, at the race number ceremony in Sion and Verbier. I would like to register.From age 15 for all courses. But 18 for the Verbier-Grimentz route. If you are a minor, [&hellip;]\" \/>\n<meta property=\"og:url\" content=\"https:\/\/grand-raid-bcvs.ch\/en\/frequently-asked-questions\/\" \/>\n<meta property=\"og:site_name\" content=\"Grand Raid BCVS\" \/>\n<meta property=\"article:publisher\" content=\"https:\/\/www.facebook.com\/GrandRaidBCVS\/\" \/>\n<meta property=\"article:modified_time\" content=\"2026-04-28T08:50:44+00:00\" \/>\n<meta name=\"twitter:card\" content=\"summary_large_image\" \/>\n<meta name=\"twitter:label1\" content=\"Est. reading time\" \/>\n\t<meta name=\"twitter:data1\" content=\"5 minutes\" \/>\n<script type=\"application\/ld+json\" class=\"yoast-schema-graph\">{\"@context\":\"https:\\\/\\\/schema.org\",\"@graph\":[{\"@type\":\"WebPage\",\"@id\":\"https:\\\/\\\/grand-raid-bcvs.ch\\\/en\\\/frequently-asked-questions\\\/\",\"url\":\"https:\\\/\\\/grand-raid-bcvs.ch\\\/en\\\/frequently-asked-questions\\\/\",\"name\":\"Frequently asked questions - Grand Raid BCVS\",\"isPartOf\":{\"@id\":\"https:\\\/\\\/grand-raid-bcvs.ch\\\/#website\"},\"datePublished\":\"2024-11-19T10:12:37+00:00\",\"dateModified\":\"2026-04-28T08:50:44+00:00\",\"breadcrumb\":{\"@id\":\"https:\\\/\\\/grand-raid-bcvs.ch\\\/en\\\/frequently-asked-questions\\\/#breadcrumb\"},\"inLanguage\":\"en-US\",\"potentialAction\":[{\"@type\":\"ReadAction\",\"target\":[\"https:\\\/\\\/grand-raid-bcvs.ch\\\/en\\\/frequently-asked-questions\\\/\"]}]},{\"@type\":\"BreadcrumbList\",\"@id\":\"https:\\\/\\\/grand-raid-bcvs.ch\\\/en\\\/frequently-asked-questions\\\/#breadcrumb\",\"itemListElement\":[{\"@type\":\"ListItem\",\"position\":1,\"name\":\"Accueil\",\"item\":\"https:\\\/\\\/grand-raid-bcvs.ch\\\/en\\\/home\\\/\"},{\"@type\":\"ListItem\",\"position\":2,\"name\":\"Frequently asked questions\"}]},{\"@type\":\"WebSite\",\"@id\":\"https:\\\/\\\/grand-raid-bcvs.ch\\\/#website\",\"url\":\"https:\\\/\\\/grand-raid-bcvs.ch\\\/\",\"name\":\"Grand Raid BCVS\",\"description\":\"Site officiel du Grand-Raid BCVs\",\"publisher\":{\"@id\":\"https:\\\/\\\/grand-raid-bcvs.ch\\\/#organization\"},\"potentialAction\":[{\"@type\":\"SearchAction\",\"target\":{\"@type\":\"EntryPoint\",\"urlTemplate\":\"https:\\\/\\\/grand-raid-bcvs.ch\\\/?s={search_term_string}\"},\"query-input\":{\"@type\":\"PropertyValueSpecification\",\"valueRequired\":true,\"valueName\":\"search_term_string\"}}],\"inLanguage\":\"en-US\"},{\"@type\":\"Organization\",\"@id\":\"https:\\\/\\\/grand-raid-bcvs.ch\\\/#organization\",\"name\":\"Grand Raid BCVS\",\"url\":\"https:\\\/\\\/grand-raid-bcvs.ch\\\/\",\"logo\":{\"@type\":\"ImageObject\",\"inLanguage\":\"en-US\",\"@id\":\"https:\\\/\\\/grand-raid-bcvs.ch\\\/#\\\/schema\\\/logo\\\/image\\\/\",\"url\":\"https:\\\/\\\/grand-raid-bcvs.ch\\\/wp-content\\\/uploads\\\/2019\\\/04\\\/GRBCVS.png\",\"contentUrl\":\"https:\\\/\\\/grand-raid-bcvs.ch\\\/wp-content\\\/uploads\\\/2019\\\/04\\\/GRBCVS.png\",\"width\":350,\"height\":319,\"caption\":\"Grand Raid BCVS\"},\"image\":{\"@id\":\"https:\\\/\\\/grand-raid-bcvs.ch\\\/#\\\/schema\\\/logo\\\/image\\\/\"},\"sameAs\":[\"https:\\\/\\\/www.facebook.com\\\/GrandRaidBCVS\\\/\",\"https:\\\/\\\/www.instagram.com\\\/grandraidbcvs\\\/\",\"https:\\\/\\\/www.youtube.com\\\/channel\\\/UCtKP5pcz1AnR-OvepCmevqw\\\/videos\"]}]}<\/script>\n<!-- \/ Yoast SEO plugin. -->","yoast_head_json":{"title":"Frequently asked questions - Grand Raid BCVS","robots":{"index":"index","follow":"follow","max-snippet":"max-snippet:-1","max-image-preview":"max-image-preview:large","max-video-preview":"max-video-preview:-1"},"canonical":"https:\/\/grand-raid-bcvs.ch\/en\/frequently-asked-questions\/","og_locale":"en_US","og_type":"article","og_title":"Frequently asked questions - Grand Raid BCVS","og_description":"RegistrationsAll registrations are made online directly on the Datasport website. Registration deadline: Online until Thursday, August 20, 2026 On site on Friday, August 21, 2026, at the race number ceremony in Sion and Verbier. I would like to register.From age 15 for all courses. But 18 for the Verbier-Grimentz route. If you are a minor, [&hellip;]","og_url":"https:\/\/grand-raid-bcvs.ch\/en\/frequently-asked-questions\/","og_site_name":"Grand Raid BCVS","article_publisher":"https:\/\/www.facebook.com\/GrandRaidBCVS\/","article_modified_time":"2026-04-28T08:50:44+00:00","twitter_card":"summary_large_image","twitter_misc":{"Est. reading time":"5 minutes"},"schema":{"@context":"https:\/\/schema.org","@graph":[{"@type":"WebPage","@id":"https:\/\/grand-raid-bcvs.ch\/en\/frequently-asked-questions\/","url":"https:\/\/grand-raid-bcvs.ch\/en\/frequently-asked-questions\/","name":"Frequently asked questions - Grand Raid BCVS","isPartOf":{"@id":"https:\/\/grand-raid-bcvs.ch\/#website"},"datePublished":"2024-11-19T10:12:37+00:00","dateModified":"2026-04-28T08:50:44+00:00","breadcrumb":{"@id":"https:\/\/grand-raid-bcvs.ch\/en\/frequently-asked-questions\/#breadcrumb"},"inLanguage":"en-US","potentialAction":[{"@type":"ReadAction","target":["https:\/\/grand-raid-bcvs.ch\/en\/frequently-asked-questions\/"]}]},{"@type":"BreadcrumbList","@id":"https:\/\/grand-raid-bcvs.ch\/en\/frequently-asked-questions\/#breadcrumb","itemListElement":[{"@type":"ListItem","position":1,"name":"Accueil","item":"https:\/\/grand-raid-bcvs.ch\/en\/home\/"},{"@type":"ListItem","position":2,"name":"Frequently asked questions"}]},{"@type":"WebSite","@id":"https:\/\/grand-raid-bcvs.ch\/#website","url":"https:\/\/grand-raid-bcvs.ch\/","name":"Grand Raid BCVS","description":"Site officiel du Grand-Raid BCVs","publisher":{"@id":"https:\/\/grand-raid-bcvs.ch\/#organization"},"potentialAction":[{"@type":"SearchAction","target":{"@type":"EntryPoint","urlTemplate":"https:\/\/grand-raid-bcvs.ch\/?s={search_term_string}"},"query-input":{"@type":"PropertyValueSpecification","valueRequired":true,"valueName":"search_term_string"}}],"inLanguage":"en-US"},{"@type":"Organization","@id":"https:\/\/grand-raid-bcvs.ch\/#organization","name":"Grand Raid BCVS","url":"https:\/\/grand-raid-bcvs.ch\/","logo":{"@type":"ImageObject","inLanguage":"en-US","@id":"https:\/\/grand-raid-bcvs.ch\/#\/schema\/logo\/image\/","url":"https:\/\/grand-raid-bcvs.ch\/wp-content\/uploads\/2019\/04\/GRBCVS.png","contentUrl":"https:\/\/grand-raid-bcvs.ch\/wp-content\/uploads\/2019\/04\/GRBCVS.png","width":350,"height":319,"caption":"Grand Raid BCVS"},"image":{"@id":"https:\/\/grand-raid-bcvs.ch\/#\/schema\/logo\/image\/"},"sameAs":["https:\/\/www.facebook.com\/GrandRaidBCVS\/","https:\/\/www.instagram.com\/grandraidbcvs\/","https:\/\/www.youtube.com\/channel\/UCtKP5pcz1AnR-OvepCmevqw\/videos"]}]}},"_links":{"self":[{"href":"https:\/\/grand-raid-bcvs.ch\/en\/wp-json\/wp\/v2\/pages\/14592","targetHints":{"allow":["GET"]}}],"collection":[{"href":"https:\/\/grand-raid-bcvs.ch\/en\/wp-json\/wp\/v2\/pages"}],"about":[{"href":"https:\/\/grand-raid-bcvs.ch\/en\/wp-json\/wp\/v2\/types\/page"}],"author":[{"embeddable":true,"href":"https:\/\/grand-raid-bcvs.ch\/en\/wp-json\/wp\/v2\/users\/3"}],"replies":[{"embeddable":true,"href":"https:\/\/grand-raid-bcvs.ch\/en\/wp-json\/wp\/v2\/comments?post=14592"}],"version-history":[{"count":21,"href":"https:\/\/grand-raid-bcvs.ch\/en\/wp-json\/wp\/v2\/pages\/14592\/revisions"}],"predecessor-version":[{"id":18992,"href":"https:\/\/grand-raid-bcvs.ch\/en\/wp-json\/wp\/v2\/pages\/14592\/revisions\/18992"}],"wp:attachment":[{"href":"https:\/\/grand-raid-bcvs.ch\/en\/wp-json\/wp\/v2\/media?parent=14592"}],"curies":[{"name":"wp","href":"https:\/\/api.w.org\/{rel}","templated":true}]}}