{"id":3577,"date":"2019-08-17T12:09:02","date_gmt":"2019-08-17T10:09:02","guid":{"rendered":"https:\/\/grand-raid-bcvs.ch\/accomodation\/"},"modified":"2026-04-28T09:17:48","modified_gmt":"2026-04-28T07:17:48","slug":"accomodation","status":"publish","type":"page","link":"https:\/\/grand-raid-bcvs.ch\/en\/accomodation\/","title":{"rendered":"Accomodation"},"content":{"rendered":"<p>[et_pb_section fb_built=&#8221;1&#8243; fullwidth=&#8221;on&#8221; _builder_version=&#8221;4.21.0&#8243; _module_preset=&#8221;default&#8221; background_enable_image=&#8221;off&#8221; global_colors_info=&#8221;{}&#8221;][et_pb_fullwidth_header title=&#8221;Accomodation&#8221; _builder_version=&#8221;4.27.6&#8243; _module_preset=&#8221;default&#8221; title_font=&#8221;|800|||||||&#8221; title_text_align=&#8221;center&#8221; title_line_height=&#8221;1.3em&#8221; background_image=&#8221;https:\/\/grand-raid-bcvs.ch\/wp-content\/uploads\/2026\/04\/GrandRaidBCVS2024-Evolene-2-scaled.jpg&#8221; transform_translate=&#8221;4px|-128px&#8221; custom_padding=&#8221;15vw||15vw||true|false&#8221; custom_padding_tablet=&#8221;28vw||||false|false&#8221; custom_padding_phone=&#8221;35vw||12vw||false|false&#8221; custom_padding_last_edited=&#8221;on|phone&#8221; hover_enabled=&#8221;0&#8243; title_text_shadow_style=&#8221;preset3&#8243; title_text_shadow_color=&#8221;#000000&#8243; global_colors_info=&#8221;{}&#8221; sticky_enabled=&#8221;0&#8243;][\/et_pb_fullwidth_header][\/et_pb_section][et_pb_section fb_built=&#8221;1&#8243; _builder_version=&#8221;4.16&#8243; global_colors_info=&#8221;{}&#8221;][et_pb_row _builder_version=&#8221;4.27.4&#8243; global_colors_info=&#8221;{}&#8221;][et_pb_column type=&#8221;4_4&#8243; _builder_version=&#8221;4.16&#8243; custom_padding=&#8221;|||&#8221; global_colors_info=&#8221;{}&#8221; custom_padding__hover=&#8221;|||&#8221;][et_pb_accordion disabled_on=&#8221;off|off|off&#8221; _builder_version=&#8221;4.27.4&#8243; global_colors_info=&#8221;{}&#8221;][et_pb_accordion_item title=&#8221;Verbier&#8221; _builder_version=&#8221;4.27.4&#8243; global_colors_info=&#8221;{}&#8221; open=&#8221;on&#8221;]<\/p>\n<ul>\n<li><strong>Hotel Les Chamois <\/strong>is offering a great deal with breakfast served at the time of your choice for CHF 120 in a single room and CHF 180 in a double room.<strong> <\/strong><a href=\"https:\/\/hotel-chamois.ch\/fr\/\" target=\"_blank\" rel=\"noopener noreferrer\">More info &amp; booking<\/a><\/li>\n<li><strong>Mont Fort Swiss lodge<\/strong> is located in Le Ch\u00e2ble, in the gondola building that takes you to Verbier (<strong>open from 5am to 6.15am on the Saturday morning of the race<\/strong>). <a href=\"https:\/\/www.verbier.ch\/summer\/offers\/mont-fort-swiss-lodge-le-chable-en-summer-2788047\/\" target=\"_blank\" rel=\"noopener noreferrer\">More info booking<\/a><\/li>\n<li><strong>Campsite<\/strong>: You will find the <a href=\"http:\/\/www.sccv.ch\/fr\/campings\/camping-de-champsec\" target=\"_blank\" rel=\"noopener noreferrer\">Champsec<\/a> and <a href=\"https:\/\/camping.ch\/fr\/camping\/wallis\/sembrancher\/la-prairie\">Sembrancher<\/a> campsites in the region. A few spaces are available next to the Le Ch\u00e2ble gondola parking lot (Place de T\u00e9l\u00e9verbier). <\/li>\n<\/ul>\n<p>[\/et_pb_accordion_item][et_pb_accordion_item title=&#8221;La Tzoumaz&#8221; _builder_version=&#8221;4.24.2&#8243; global_colors_info=&#8221;{}&#8221; open=&#8221;off&#8221;]<\/p>\n<p>Discover all the accommodation at <strong>La Tzoumaz<\/strong> on <a href=\"https:\/\/www.latzoumaz.ch\/ete\/pratique-ete\/hebergements-ete\/\">latzoumaz.ch <\/a><\/p>\n<p>[\/et_pb_accordion_item][et_pb_accordion_item title=&#8221;Nendaz&#8221; _builder_version=&#8221;4.16&#8243; global_colors_info=&#8221;{}&#8221; open=&#8221;off&#8221;]<\/p>\n<p><strong>Nendaz<\/strong>is 30 minutes from <strong>Sion,<\/strong> the capital of the Valais, where there are many accommodation options and from where the buses organised by the Grand Raid BCVS leave to take you to the start of the race on <strong>Saturday morning.<\/strong><\/p>\n<p> Discover all the accommodation in Nendaz on <a href=\"https:\/\/www.nendaz.ch\/fr\/Z13543\/nos-hebergements\">nendaz.ch<\/a><\/p>\n<p>&nbsp;<\/p>\n<ul>\n<li> <strong style=\"font-size: 14px;\">Camping<\/strong><span style=\"font-size: 14px;\">: <a href=\"https:\/\/www.local.ch\/fr\/d\/vex\/1981\/camping-du-val-d-herens--WiSSPfU073-I7dRWszfiA\">Camping du Val d&#8217;H\u00e9rens<\/a> situ\u00e9 \u00e0 Vex<\/span><em style=\"font-size: 14px;\">027 207 19 85<\/em><span style=\"font-size: 14px;\"> ou <\/span><a href=\"https:\/\/www.val-des-dix.com\/\" target=\"_blank\" rel=\"noopener noreferrer\" style=\"font-size: 14px;\">Camping du Val des Dix<\/a><\/li>\n<\/ul>\n<p>[\/et_pb_accordion_item][et_pb_accordion_item title=&#8221;Veysonnaz&#8221; _builder_version=&#8221;4.24.2&#8243; global_colors_info=&#8221;{}&#8221; open=&#8221;off&#8221;]<\/p>\n<p>Discover all the accommodation in <strong>Veysonnaz<\/strong> on <a href=\"https:\/\/www.veysonnaz.ch\/fr\/Z13929\/hebergements\">veysonnaz.ch<\/a><\/p>\n<p>[\/et_pb_accordion_item][et_pb_accordion_item title=&#8221;Thyon &#8211; Les Collons&#8221; _builder_version=&#8221;4.24.2&#8243; global_colors_info=&#8221;{}&#8221; open=&#8221;off&#8221;]<\/p>\n<p>All the accommodation in <strong>Thyon &#8211; Les Collons<\/strong> can be found on <a href=\"https:\/\/www.thyon.ch\/ete\/preparer-mon-sejour\/hebergements\/\">thyon-region.ch<\/a><\/p>\n<p><strong>\u2018The<\/strong><strong> Auberge de l&#8217;Ours<\/strong> <strong>in Thyon les Collons<\/strong> will be welcoming riders at preferential rates. <strong><a href=\"https:\/\/www.thyon.ch\/ete\/preparer-mon-sejour\/hebergements\/\" target=\"_blank\" rel=\"noopener noreferrer\">More info booking<\/a><\/strong><\/p>\n<p>[\/et_pb_accordion_item][et_pb_accordion_item title=&#8221;H\u00e9r\u00e9mence&#8221; open=&#8221;off&#8221; _builder_version=&#8221;4.16&#8243; global_colors_info=&#8221;{}&#8221;]<\/p>\n<p><strong>Heremence<\/strong> is 25 minutes from <strong>Sion, <\/strong>the capital of Valais where there are many accomodation options and from where buses organised by the Grand Raid BCVS depart to get to the start of the race on Saturday morning.<\/p>\n<ul>\n<li><strong>Civil Protection Shelter <\/strong>in Hermence village. You can reserve a bed with the H\u00e9r\u00e9mence development company for the modest sum of CHF 20. <em style=\"font-size: 14px;\">Reservations: sd.heremence@gmail.com or<\/em> <em style=\"font-size: 14px;\">+41 79 262 59 90<\/em> <\/li>\n<li><strong>Campsite<\/strong>: <a href=\"https:\/\/www.val-des-dix.com\/\" target=\"_blank\" rel=\"noopener noreferrer\">Camping du Val des Dix<\/a><\/li>\n<li>All H\u00e9r\u00e9mence accommodation can be found at <a href=\"https:\/\/www.heremence-tourisme.ch\/fr\/hebergements-restauration\/sommaire-general\/hebergements-lm\">h\u00e9r\u00e9mence-tourisme.ch<\/a>.<\/li>\n<\/ul>\n<p>[\/et_pb_accordion_item][et_pb_accordion_item title=&#8221;Evol\u00e8ne&#8221; _builder_version=&#8221;4.24.2&#8243; global_colors_info=&#8221;{}&#8221; open=&#8221;off&#8221;]<\/p>\n<p><strong>Evol\u00e8ne<\/strong> is just 35 minutes from <strong>Sion<\/strong>, the capital of the Valais region, where there are plenty of accommodation options and from where the buses organised by the Grand Raid BCVS will take you to the start of the race on Saturday morning.<\/p>\n<ul>\n<li><strong>Campsites<\/strong>: The nearest campsites to Evol\u00e8ne are <a href=\"https:\/\/www.evolene-region.ch\/fr\/hebergements-restauration\/sommaire-evo-menu-heb-resto\/hebergements\/sommaire-evo-hebergement\/campings\/camping-evolene-region-lm\" target=\"_blank\" rel=\"noopener noreferrer\">Camping d&#8217;Evol\u00e8ne<\/a> and <a href=\"https:\/\/www.camping-molignon.ch\" target=\"_blank\" rel=\"noopener noreferrer\">Camping Molignon.<\/a><\/li>\n<li>All accommodation in the Evol\u00e8ne region can be found at <a href=\"https:\/\/www.evolene-region.ch\/fr\/hebergements-restauration\/sommaire-evo-menu-heb-resto\/hebergements\/sommaire-evo-hebergement\/hotels\/hotels-lm\">evolene-region.ch<\/a><\/li>\n<\/ul>\n<p>[\/et_pb_accordion_item][et_pb_accordion_item title=&#8221;St-Martin&#8221; _builder_version=&#8221;4.24.2&#8243; global_colors_info=&#8221;{}&#8221; open=&#8221;off&#8221;]<\/p>\n<p>Discover all the accommodation in <strong>St-Martin<\/strong> on <a href=\"https:\/\/www.saint-martin-tourisme.ch\/fr\/hebergements-restauration\/sommaire-general\/hebergements\/sommaire-general\/dormir-a-saint-martin\/hebergements-saint-martin-lm\">saint-martin-tourisme.ch<\/a><\/p>\n<ul>\n<li><strong>Campsites<\/strong>: The nearest campsites to Evol\u00e8ne are <a href=\"https:\/\/www.evolene-region.ch\/fr\/hebergements-restauration\/sommaire-evo-menu-heb-resto\/hebergements\/sommaire-evo-hebergement\/campings\/camping-evolene-region-lm\" target=\"_blank\" rel=\"noopener noreferrer\">Camping d&#8217;Evol\u00e8ne<\/a> and <a href=\"https:\/\/www.camping-molignon.ch\" target=\"_blank\" rel=\"noopener noreferrer\">Camping Molignon.<\/a><\/li>\n<li><strong>Pension du Belvedere in Eison<\/strong> with magnificent rooms to book <a href=\"https:\/\/belvedere-saint-martin.ch\/\">here<\/a>.<\/li>\n<li>All the accommodation in the Evol\u00e8ne region can be found <a href=\"https:\/\/www.evolene-region.ch\/fr\/hebergements-restauration\/sommaire-evo-menu-heb-resto\/hebergements\/sommaire-evo-hebergement\">here.<\/a><\/li>\n<\/ul>\n<p>[\/et_pb_accordion_item][et_pb_accordion_item title=&#8221;Sion&#8221; _builder_version=&#8221;4.27.4&#8243; global_colors_info=&#8221;{}&#8221; open=&#8221;off&#8221;]<\/p>\n<p>&nbsp;<\/p>\n<ul>\n<li>MOXY H\u00f4tel Sion: the hotel opened its doors in 2021, in a contemporary and industrial style, this establishment offers a preferential rate of 165.00 including breakfast for those registered for the Grand Raid BCVS. Ideally located, close to the official race bus departure point, covered car park, bike storage. Booking: <a href=\"https:\/\/www.marriott.com\/default.mi\">www.marriott.com<\/a><\/li>\n<\/ul>\n<ul>\n<li><a href=\"https:\/\/www.accorhotels.com\/fr\/hotel-0960-ibis-sion\/index.shtml\" target=\"_blank\" rel=\"noopener noreferrer\">The Ibis hotel<\/a> is offering runners in the Grand Raid BCVS a 10% discount on overnight accommodation and breakfast on presentation of their race number.<\/li>\n<\/ul>\n<ul>\n<li><a href=\"http:\/\/www.hotelelitesion.ch\/\" target=\"_blank\" rel=\"noopener noreferrer\">The Elite hotel<\/a> is offering a special rate for the Grand Raid BCVS. . Breakfast is CHF 13.<\/li>\n<\/ul>\n<p>The town of Sion offers a wide range of <a href=\"https:\/\/siontourisme.ch\/fr\/hebergements\">hotels<\/a> and <a href=\"https:\/\/siontourisme.ch\/fr\/campings\">campsites<\/a>.<\/p>\n<p>[\/et_pb_accordion_item][et_pb_accordion_item title=&#8221;Nax&#8221; _builder_version=&#8221;4.24.2&#8243; global_colors_info=&#8221;{}&#8221; open=&#8221;off&#8221;]<\/p>\n<p>Discover all the accommodation in <strong>Nax<\/strong> on <a href=\"https:\/\/nax-region.ch\/hebergements\">nax-region.ch<\/a><\/p>\n<p>[\/et_pb_accordion_item][et_pb_accordion_item title=&#8221;Vercorin&#8221; _builder_version=&#8221;4.24.2&#8243; global_colors_info=&#8221;{}&#8221; open=&#8221;off&#8221;]<\/p>\n<p> Discover all the accommodation in <strong>Vercorin<\/strong> on <a href=\"https:\/\/www.vercorin.ch\/fr\/Z15124\/H%C3%A9bergements\">vercorin.ch<\/a><\/p>\n<p>[\/et_pb_accordion_item][\/et_pb_accordion][\/et_pb_column][\/et_pb_row][\/et_pb_section][et_pb_section fb_built=&#8221;1&#8243; _builder_version=&#8221;4.21.0&#8243; _module_preset=&#8221;default&#8221; global_colors_info=&#8221;{}&#8221;][et_pb_row _builder_version=&#8221;4.21.0&#8243; _module_preset=&#8221;default&#8221; global_colors_info=&#8221;{}&#8221;][et_pb_column type=&#8221;4_4&#8243; _builder_version=&#8221;4.21.0&#8243; _module_preset=&#8221;default&#8221; global_colors_info=&#8221;{}&#8221;][et_pb_text _builder_version=&#8221;4.21.0&#8243; _module_preset=&#8221;default&#8221; global_colors_info=&#8221;{}&#8221;]<\/p>\n<h2>Tourist offices in the regions crossed<\/h2>\n<p>[\/et_pb_text][et_pb_code _builder_version=&#8221;4.27.4&#8243; _module_preset=&#8221;default&#8221; global_colors_info=&#8221;{}&#8221;]<div id=\"tablepress-37-scroll-wrapper\" class=\"tablepress-scroll-wrapper\">\n\n<table id=\"tablepress-37\" class=\"tablepress tablepress-id-37 tablepress-responsive\">\n<thead>\n<tr class=\"row-1 odd\">\n\t<th class=\"column-1\"><strong>Lieu<\/strong><\/th><th class=\"column-2\">T\u00e9l\u00e9phone<strong><\/th><th class=\"column-3\">E-mail<\/strong><\/th><th class=\"column-4\">Site internet<strong><\/th>\n<\/tr>\n<\/thead>\n<tbody class=\"row-hover\">\n<tr class=\"row-2 even\">\n\t<td class=\"column-1\">Verbier Tourisme<\/td><td class=\"column-2\">+41 27 775 38 88<\/td><td class=\"column-3\">info@verbiertourisme.ch<\/td><td class=\"column-4\"><a href=\"http:\/\/www.verbier.ch\/\">www.verbier.ch<\/a><\/td>\n<\/tr>\n<tr class=\"row-3 odd\">\n\t<td class=\"column-1\">Tzoumaz Tourisme<\/td><td class=\"column-2\">+41 27 305 16 00<\/td><td class=\"column-3\">info@latzoumaz.ch<\/td><td class=\"column-4\"><a href=\"http:\/\/www.latzoumaz.ch\/\">www.latzoumaz.ch<\/a><\/td>\n<\/tr>\n<tr class=\"row-4 even\">\n\t<td class=\"column-1\">Nendaz Tourisme<\/td><td class=\"column-2\">+41 27 289 55 89<\/td><td class=\"column-3\">info@nendaz.ch<\/td><td class=\"column-4\"><a href=\"http:\/\/www.nendaz.ch\">www.nendaz.ch<\/a><\/td>\n<\/tr>\n<tr class=\"row-5 odd\">\n\t<td class=\"column-1\">Veysonnaz Tourisme<\/td><td class=\"column-2\">+41 27 207 10 53<\/td><td class=\"column-3\">info@veysonnaz.ch<\/td><td class=\"column-4\"><a href=\"http:\/\/www.veysonnaz.ch\/\">www.veysonnaz.ch<\/a><\/td>\n<\/tr>\n<tr class=\"row-6 even\">\n\t<td class=\"column-1\">Thyon R\u00e9gion Tourisme<\/td><td class=\"column-2\">+41 27 281 27 27<\/td><td class=\"column-3\">info@thyon-region.ch<\/td><td class=\"column-4\"><a href=\"http:\/\/www.thyon.ch\/\">www.thyon.ch<\/a><\/td>\n<\/tr>\n<tr class=\"row-7 odd\">\n\t<td class=\"column-1\">Heremence Tourisme<\/td><td class=\"column-2\">+41 27 281 15 33<\/td><td class=\"column-3\">heremence@valdherens.ch<\/td><td class=\"column-4\"><a href=\"http:\/\/www.heremence-tourisme.ch\/\">www.heremence-tourisme.ch<\/a><\/td>\n<\/tr>\n<tr class=\"row-8 even\">\n\t<td class=\"column-1\">Evolene Tourisme<\/td><td class=\"column-2\">+41 27 283 40 00<\/td><td class=\"column-3\">evolene-region@valdherens.ch<\/td><td class=\"column-4\"><a href=\"http:\/\/www.evolene-region.ch\/\">www.evolene-region.ch<\/a><\/td>\n<\/tr>\n<tr class=\"row-9 odd\">\n\t<td class=\"column-1\">St-Martin Tourisme<\/td><td class=\"column-2\">+41 27 281 24 74<\/td><td class=\"column-3\">info@saint-martin.ch<\/td><td class=\"column-4\"><a href=\"http:\/\/www.saint-martin-tourisme.ch\/\">www.saint-martin-tourisme.ch<\/a><\/td>\n<\/tr>\n<tr class=\"row-10 even\">\n\t<td class=\"column-1\">Anniviers Tourisme<\/td><td class=\"column-2\">+41 27 476 17 00<\/td><td class=\"column-3\">grimentz@anniviers.ch<\/td><td class=\"column-4\"><a href=\"http:\/\/www.valdanniviers.ch\/\">www.valdanniviers.ch<\/a><\/td>\n<\/tr>\n<tr class=\"row-11 odd\">\n\t<td class=\"column-1\">Sion Tourisme<\/td><td class=\"column-2\">+41 27 327 77 27<\/td><td class=\"column-3\">info@siontourisme.ch<\/td><td class=\"column-4\"><a href=\"http:\/\/www.siontourisme.ch\/\">www.siontourisme.ch<\/a><\/td>\n<\/tr>\n<tr class=\"row-12 even\">\n\t<td class=\"column-1\">Nax Tourisme<\/td><td class=\"column-2\">+41 27 203 17 38<\/td><td class=\"column-3\">nax-region@mont-noble.ch<\/td><td class=\"column-4\"><a href=\"http:\/\/www.nax-region.ch\/\">www.nax-region.ch<\/a><\/td>\n<\/tr>\n<tr class=\"row-13 odd\">\n\t<td class=\"column-1\">Vercorin Tourisme<\/td><td class=\"column-2\">+41 27 455 58 55<\/td><td class=\"column-3\">info@vercorin.ch<\/td><td class=\"column-4\"><a href=\"http:\/\/www.vercorin.ch\/\">www.vercorin.ch<\/a><\/td>\n<\/tr>\n<\/tbody>\n<\/table>\n\n<\/div><!-- #tablepress-37 from cache -->[\/et_pb_code][\/et_pb_column][\/et_pb_row][\/et_pb_section][et_pb_section fb_built=&#8221;1&#8243; disabled_on=&#8221;off|off|off&#8221; admin_label=&#8221;sponsor global&#8221; _builder_version=&#8221;4.25.1&#8243; custom_padding=&#8221;||29px||false|false&#8221; global_module=&#8221;12478&#8243; saved_tabs=&#8221;all&#8221; global_colors_info=&#8221;{}&#8221;][et_pb_row column_structure=&#8221;1_2,1_2&#8243; use_custom_gutter=&#8221;on&#8221; gutter_width=&#8221;2&#8243; custom_padding_last_edited=&#8221;on|phone&#8221; _builder_version=&#8221;4.25.1&#8243; _module_preset=&#8221;default&#8221; max_width=&#8221;1500px&#8221; custom_padding_tablet=&#8221;0px||||false|false&#8221; custom_padding_phone=&#8221;&#8221; global_colors_info=&#8221;{}&#8221;][et_pb_column type=&#8221;1_2&#8243; _builder_version=&#8221;4.16&#8243; _module_preset=&#8221;default&#8221; global_colors_info=&#8221;{}&#8221;][et_pb_image src=&#8221;https:\/\/grand-raid-bcvs.ch\/wp-content\/uploads\/2024\/08\/BCVs_Logo_Short_CMYK_2022.png&#8221; url=&#8221;https:\/\/www.bcvs.ch\/&#8221; _builder_version=&#8221;4.27.4&#8243; _module_preset=&#8221;default&#8221; width=&#8221;50%&#8221; max_width=&#8221;50%&#8221; module_alignment=&#8221;center&#8221; global_colors_info=&#8221;{}&#8221;][\/et_pb_image][\/et_pb_column][et_pb_column type=&#8221;1_2&#8243; _builder_version=&#8221;4.16&#8243; _module_preset=&#8221;default&#8221; global_colors_info=&#8221;{}&#8221;][et_pb_image src=&#8221;https:\/\/grand-raid-bcvs.ch\/wp-content\/uploads\/2020\/12\/OIKEN_NB_CMJN.png&#8221; alt=&#8221;Logo Oiken&#8221; url=&#8221;https:\/\/oiken.ch\/&#8221; url_new_window=&#8221;on&#8221; align=&#8221;center&#8221; _builder_version=&#8221;4.27.4&#8243; _module_preset=&#8221;default&#8221; width=&#8221;50%&#8221; width_tablet=&#8221;53%&#8221; width_phone=&#8221;76%&#8221; width_last_edited=&#8221;on|tablet&#8221; max_width=&#8221;50%&#8221; module_alignment=&#8221;center&#8221; custom_margin=&#8221;22px||||false|false&#8221; custom_margin_tablet=&#8221;50px||||false|false&#8221; custom_margin_phone=&#8221;&#8221; custom_margin_last_edited=&#8221;on|phone&#8221; global_colors_info=&#8221;{}&#8221;][\/et_pb_image][\/et_pb_column][\/et_pb_row][et_pb_row column_structure=&#8221;1_3,1_3,1_3&#8243; _builder_version=&#8221;4.25.1&#8243; _module_preset=&#8221;default&#8221; max_width=&#8221;1500px&#8221; global_colors_info=&#8221;{}&#8221;][et_pb_column type=&#8221;1_3&#8243; _builder_version=&#8221;4.25.1&#8243; _module_preset=&#8221;default&#8221; global_colors_info=&#8221;{}&#8221;][et_pb_image src=&#8221;https:\/\/grand-raid-bcvs.ch\/wp-content\/uploads\/2019\/04\/Valais.jpg&#8221; alt=&#8221;Logo Valais Grav\u00e9 dans mon Coeur&#8221; url=&#8221;https:\/\/www.valais.ch\/en&#8221; url_new_window=&#8221;on&#8221; align=&#8221;center&#8221; _builder_version=&#8221;4.27.4&#8243; _module_preset=&#8221;default&#8221; width=&#8221;24%&#8221; width_tablet=&#8221;58%&#8221; width_phone=&#8221;64%&#8221; width_last_edited=&#8221;on|phone&#8221; custom_margin=&#8221;||||false|false&#8221; global_colors_info=&#8221;{}&#8221;][\/et_pb_image][\/et_pb_column][et_pb_column type=&#8221;1_3&#8243; _builder_version=&#8221;4.16&#8243; _module_preset=&#8221;default&#8221; global_colors_info=&#8221;{}&#8221;][et_pb_image src=&#8221;https:\/\/grand-raid-bcvs.ch\/wp-content\/uploads\/2019\/04\/Loro.jpg&#8221; alt=&#8221;Logo Loterie Romande&#8221; url=&#8221;https:\/\/www.loro.ch\/&#8221; url_new_window=&#8221;on&#8221; align=&#8221;center&#8221; _builder_version=&#8221;4.27.4&#8243; _module_preset=&#8221;default&#8221; width=&#8221;52%&#8221; width_tablet=&#8221;84%&#8221; width_phone=&#8221;93%&#8221; width_last_edited=&#8221;on|phone&#8221; custom_margin=&#8221;||||false|false&#8221; global_colors_info=&#8221;{}&#8221;][\/et_pb_image][\/et_pb_column][et_pb_column type=&#8221;1_3&#8243; _builder_version=&#8221;4.16&#8243; _module_preset=&#8221;default&#8221; global_colors_info=&#8221;{}&#8221;][et_pb_image src=&#8221;https:\/\/grand-raid-bcvs.ch\/wp-content\/uploads\/2019\/04\/Fonds-du-Sport.png&#8221; alt=&#8221;Logo Fonds du sport &#8211; Loterie Romande&#8221; url=&#8221;https:\/\/fondsdusport.ch\/accueil\/&#8221; url_new_window=&#8221;on&#8221; align=&#8221;center&#8221; _builder_version=&#8221;4.27.4&#8243; _module_preset=&#8221;default&#8221; width=&#8221;65%&#8221; width_tablet=&#8221;94%&#8221; width_phone=&#8221;96%&#8221; width_last_edited=&#8221;on|phone&#8221; custom_margin=&#8221;||||false|false&#8221; global_colors_info=&#8221;{}&#8221;][\/et_pb_image][\/et_pb_column][\/et_pb_row][\/et_pb_section]<\/p>\n","protected":false},"excerpt":{"rendered":"<p>Hotel Les Chamois is offering a great deal with breakfast served at the time of your choice for CHF 120 in a single room and CHF 180 in a double room. More info &amp; booking Mont Fort Swiss lodge is located in Le Ch\u00e2ble, in the gondola building that takes you to Verbier (open from [&hellip;]<\/p>\n","protected":false},"author":2,"featured_media":0,"parent":0,"menu_order":0,"comment_status":"closed","ping_status":"closed","template":"","meta":{"_et_pb_use_builder":"on","_et_pb_old_content":"","_et_gb_content_width":"","_monsterinsights_skip_tracking":false,"_monsterinsights_sitenote_active":false,"_monsterinsights_sitenote_note":"","_monsterinsights_sitenote_category":0,"footnotes":""},"class_list":["post-3577","page","type-page","status-publish","hentry"],"yoast_head":"<!-- This site is optimized with the Yoast SEO plugin v27.3 - https:\/\/yoast.com\/product\/yoast-seo-wordpress\/ -->\n<title>Accomodation - Grand Raid BCVS<\/title>\n<meta name=\"robots\" content=\"index, follow, max-snippet:-1, max-image-preview:large, max-video-preview:-1\" \/>\n<link rel=\"canonical\" href=\"https:\/\/grand-raid-bcvs.ch\/en\/accomodation\/\" \/>\n<meta property=\"og:locale\" content=\"en_US\" \/>\n<meta property=\"og:type\" content=\"article\" \/>\n<meta property=\"og:title\" content=\"Accomodation - Grand Raid BCVS\" \/>\n<meta property=\"og:description\" content=\"Hotel Les Chamois is offering a great deal with breakfast served at the time of your choice for CHF 120 in a single room and CHF 180 in a double room. More info &amp; booking Mont Fort Swiss lodge is located in Le Ch\u00e2ble, in the gondola building that takes you to Verbier (open from [&hellip;]\" \/>\n<meta property=\"og:url\" content=\"https:\/\/grand-raid-bcvs.ch\/en\/accomodation\/\" \/>\n<meta property=\"og:site_name\" content=\"Grand Raid BCVS\" \/>\n<meta property=\"article:publisher\" content=\"https:\/\/www.facebook.com\/GrandRaidBCVS\/\" \/>\n<meta property=\"article:modified_time\" content=\"2026-04-28T07:17:48+00:00\" \/>\n<meta name=\"twitter:card\" content=\"summary_large_image\" \/>\n<meta name=\"twitter:label1\" content=\"Est. reading time\" \/>\n\t<meta name=\"twitter:data1\" content=\"6 minutes\" \/>\n<script type=\"application\/ld+json\" class=\"yoast-schema-graph\">{\"@context\":\"https:\\\/\\\/schema.org\",\"@graph\":[{\"@type\":\"WebPage\",\"@id\":\"https:\\\/\\\/grand-raid-bcvs.ch\\\/en\\\/accomodation\\\/\",\"url\":\"https:\\\/\\\/grand-raid-bcvs.ch\\\/en\\\/accomodation\\\/\",\"name\":\"Accomodation - Grand Raid BCVS\",\"isPartOf\":{\"@id\":\"https:\\\/\\\/grand-raid-bcvs.ch\\\/#website\"},\"datePublished\":\"2019-08-17T10:09:02+00:00\",\"dateModified\":\"2026-04-28T07:17:48+00:00\",\"breadcrumb\":{\"@id\":\"https:\\\/\\\/grand-raid-bcvs.ch\\\/en\\\/accomodation\\\/#breadcrumb\"},\"inLanguage\":\"en-US\",\"potentialAction\":[{\"@type\":\"ReadAction\",\"target\":[\"https:\\\/\\\/grand-raid-bcvs.ch\\\/en\\\/accomodation\\\/\"]}]},{\"@type\":\"BreadcrumbList\",\"@id\":\"https:\\\/\\\/grand-raid-bcvs.ch\\\/en\\\/accomodation\\\/#breadcrumb\",\"itemListElement\":[{\"@type\":\"ListItem\",\"position\":1,\"name\":\"Accueil\",\"item\":\"https:\\\/\\\/grand-raid-bcvs.ch\\\/en\\\/home\\\/\"},{\"@type\":\"ListItem\",\"position\":2,\"name\":\"Accomodation\"}]},{\"@type\":\"WebSite\",\"@id\":\"https:\\\/\\\/grand-raid-bcvs.ch\\\/#website\",\"url\":\"https:\\\/\\\/grand-raid-bcvs.ch\\\/\",\"name\":\"Grand Raid BCVS\",\"description\":\"Site officiel du Grand-Raid BCVs\",\"publisher\":{\"@id\":\"https:\\\/\\\/grand-raid-bcvs.ch\\\/#organization\"},\"potentialAction\":[{\"@type\":\"SearchAction\",\"target\":{\"@type\":\"EntryPoint\",\"urlTemplate\":\"https:\\\/\\\/grand-raid-bcvs.ch\\\/?s={search_term_string}\"},\"query-input\":{\"@type\":\"PropertyValueSpecification\",\"valueRequired\":true,\"valueName\":\"search_term_string\"}}],\"inLanguage\":\"en-US\"},{\"@type\":\"Organization\",\"@id\":\"https:\\\/\\\/grand-raid-bcvs.ch\\\/#organization\",\"name\":\"Grand Raid BCVS\",\"url\":\"https:\\\/\\\/grand-raid-bcvs.ch\\\/\",\"logo\":{\"@type\":\"ImageObject\",\"inLanguage\":\"en-US\",\"@id\":\"https:\\\/\\\/grand-raid-bcvs.ch\\\/#\\\/schema\\\/logo\\\/image\\\/\",\"url\":\"https:\\\/\\\/grand-raid-bcvs.ch\\\/wp-content\\\/uploads\\\/2019\\\/04\\\/GRBCVS.png\",\"contentUrl\":\"https:\\\/\\\/grand-raid-bcvs.ch\\\/wp-content\\\/uploads\\\/2019\\\/04\\\/GRBCVS.png\",\"width\":350,\"height\":319,\"caption\":\"Grand Raid BCVS\"},\"image\":{\"@id\":\"https:\\\/\\\/grand-raid-bcvs.ch\\\/#\\\/schema\\\/logo\\\/image\\\/\"},\"sameAs\":[\"https:\\\/\\\/www.facebook.com\\\/GrandRaidBCVS\\\/\",\"https:\\\/\\\/www.instagram.com\\\/grandraidbcvs\\\/\",\"https:\\\/\\\/www.youtube.com\\\/channel\\\/UCtKP5pcz1AnR-OvepCmevqw\\\/videos\"]}]}<\/script>\n<!-- \/ Yoast SEO plugin. -->","yoast_head_json":{"title":"Accomodation - Grand Raid BCVS","robots":{"index":"index","follow":"follow","max-snippet":"max-snippet:-1","max-image-preview":"max-image-preview:large","max-video-preview":"max-video-preview:-1"},"canonical":"https:\/\/grand-raid-bcvs.ch\/en\/accomodation\/","og_locale":"en_US","og_type":"article","og_title":"Accomodation - Grand Raid BCVS","og_description":"Hotel Les Chamois is offering a great deal with breakfast served at the time of your choice for CHF 120 in a single room and CHF 180 in a double room. More info &amp; booking Mont Fort Swiss lodge is located in Le Ch\u00e2ble, in the gondola building that takes you to Verbier (open from [&hellip;]","og_url":"https:\/\/grand-raid-bcvs.ch\/en\/accomodation\/","og_site_name":"Grand Raid BCVS","article_publisher":"https:\/\/www.facebook.com\/GrandRaidBCVS\/","article_modified_time":"2026-04-28T07:17:48+00:00","twitter_card":"summary_large_image","twitter_misc":{"Est. reading time":"6 minutes"},"schema":{"@context":"https:\/\/schema.org","@graph":[{"@type":"WebPage","@id":"https:\/\/grand-raid-bcvs.ch\/en\/accomodation\/","url":"https:\/\/grand-raid-bcvs.ch\/en\/accomodation\/","name":"Accomodation - Grand Raid BCVS","isPartOf":{"@id":"https:\/\/grand-raid-bcvs.ch\/#website"},"datePublished":"2019-08-17T10:09:02+00:00","dateModified":"2026-04-28T07:17:48+00:00","breadcrumb":{"@id":"https:\/\/grand-raid-bcvs.ch\/en\/accomodation\/#breadcrumb"},"inLanguage":"en-US","potentialAction":[{"@type":"ReadAction","target":["https:\/\/grand-raid-bcvs.ch\/en\/accomodation\/"]}]},{"@type":"BreadcrumbList","@id":"https:\/\/grand-raid-bcvs.ch\/en\/accomodation\/#breadcrumb","itemListElement":[{"@type":"ListItem","position":1,"name":"Accueil","item":"https:\/\/grand-raid-bcvs.ch\/en\/home\/"},{"@type":"ListItem","position":2,"name":"Accomodation"}]},{"@type":"WebSite","@id":"https:\/\/grand-raid-bcvs.ch\/#website","url":"https:\/\/grand-raid-bcvs.ch\/","name":"Grand Raid BCVS","description":"Site officiel du Grand-Raid BCVs","publisher":{"@id":"https:\/\/grand-raid-bcvs.ch\/#organization"},"potentialAction":[{"@type":"SearchAction","target":{"@type":"EntryPoint","urlTemplate":"https:\/\/grand-raid-bcvs.ch\/?s={search_term_string}"},"query-input":{"@type":"PropertyValueSpecification","valueRequired":true,"valueName":"search_term_string"}}],"inLanguage":"en-US"},{"@type":"Organization","@id":"https:\/\/grand-raid-bcvs.ch\/#organization","name":"Grand Raid BCVS","url":"https:\/\/grand-raid-bcvs.ch\/","logo":{"@type":"ImageObject","inLanguage":"en-US","@id":"https:\/\/grand-raid-bcvs.ch\/#\/schema\/logo\/image\/","url":"https:\/\/grand-raid-bcvs.ch\/wp-content\/uploads\/2019\/04\/GRBCVS.png","contentUrl":"https:\/\/grand-raid-bcvs.ch\/wp-content\/uploads\/2019\/04\/GRBCVS.png","width":350,"height":319,"caption":"Grand Raid BCVS"},"image":{"@id":"https:\/\/grand-raid-bcvs.ch\/#\/schema\/logo\/image\/"},"sameAs":["https:\/\/www.facebook.com\/GrandRaidBCVS\/","https:\/\/www.instagram.com\/grandraidbcvs\/","https:\/\/www.youtube.com\/channel\/UCtKP5pcz1AnR-OvepCmevqw\/videos"]}]}},"_links":{"self":[{"href":"https:\/\/grand-raid-bcvs.ch\/en\/wp-json\/wp\/v2\/pages\/3577","targetHints":{"allow":["GET"]}}],"collection":[{"href":"https:\/\/grand-raid-bcvs.ch\/en\/wp-json\/wp\/v2\/pages"}],"about":[{"href":"https:\/\/grand-raid-bcvs.ch\/en\/wp-json\/wp\/v2\/types\/page"}],"author":[{"embeddable":true,"href":"https:\/\/grand-raid-bcvs.ch\/en\/wp-json\/wp\/v2\/users\/2"}],"replies":[{"embeddable":true,"href":"https:\/\/grand-raid-bcvs.ch\/en\/wp-json\/wp\/v2\/comments?post=3577"}],"version-history":[{"count":18,"href":"https:\/\/grand-raid-bcvs.ch\/en\/wp-json\/wp\/v2\/pages\/3577\/revisions"}],"predecessor-version":[{"id":18853,"href":"https:\/\/grand-raid-bcvs.ch\/en\/wp-json\/wp\/v2\/pages\/3577\/revisions\/18853"}],"wp:attachment":[{"href":"https:\/\/grand-raid-bcvs.ch\/en\/wp-json\/wp\/v2\/media?parent=3577"}],"curies":[{"name":"wp","href":"https:\/\/api.w.org\/{rel}","templated":true}]}}